{"id":215,"date":"2021-11-18T21:10:08","date_gmt":"2021-11-18T20:10:08","guid":{"rendered":"http:\/\/okazoo.bzh\/?page_id=215"},"modified":"2026-04-02T18:27:58","modified_gmt":"2026-04-02T16:27:58","slug":"o-kazoo-chez-nous","status":"publish","type":"page","link":"https:\/\/okazoo.bzh\/index.php\/o-kazoo-chez-nous\/","title":{"rendered":"\u00d4 Kazoo chez nous"},"content":{"rendered":"\n<div class=\"wp-block-columns is-layout-flex wp-container-core-columns-is-layout-9d6595d7 wp-block-columns-is-layout-flex\">\n<div class=\"wp-block-column is-layout-flow wp-block-column-is-layout-flow\">\n<div class=\"wp-block-group arrondir has-background\" style=\"background-color:#008cd2\"><div class=\"wp-block-group__inner-container is-layout-flow wp-block-group-is-layout-flow\">\n<div class=\"wp-block-group\"><div class=\"wp-block-group__inner-container is-layout-flow wp-block-group-is-layout-flow\">\n<h2 class=\"wp-block-heading has-text-align-center\" id=\"eveil-musical\">Eveil musical<\/h2>\n\n\n\n<p><\/p>\n\n\n\n<h3 class=\"wp-block-heading has-text-align-center\" id=\"pour-les-4-6-ans\">Pour les 3-6 ans<\/h3>\n\n\n\n<p class=\"has-black-color has-text-color\">Des activit\u00e9s de chants, percussions corporelles et d\u00e9couvertes sensorielles des instruments de musique.<\/p>\n\n\n\n<p class=\"has-black-color has-text-color\">Tout pour se familiariser avec les \u00e9l\u00e9ments constitutifs de la musique et se pr\u00e9parer \u00e0 l&#8217;apprentissage d&#8217;un instrument. <\/p>\n\n\n\n<p><\/p>\n\n\n\n<ul class=\"wp-block-list has-black-color has-text-color\">\n<li>Le mercredi \u00e0 9h15, 10h ou \u00e0 16h pour les 3-4 ans (PS ou MS en 2025\/2026) &#8211; 219 euros\/an<\/li>\n\n\n\n<li>Le mercredi \u00e0 10h45 ou 15h15 pour les 5-6 ans -GS ou CP en 2025\/2026) &#8211; 219 euros\/an<\/li>\n<\/ul>\n\n\n\n<p><\/p>\n\n\n\n<p class=\"has-black-color has-text-color has-link-color wp-elements-0a90b7075a479cfa1d5356b8b03a1d5a\">30 s\u00e9ances de 45 minutes<\/p>\n<\/div><\/div>\n<\/div><\/div>\n\n\n\n<p><\/p>\n\n\n\n<p><\/p>\n\n\n\n<p><\/p>\n<\/div>\n\n\n\n<div class=\"wp-block-column is-layout-flow wp-block-column-is-layout-flow\">\n<div class=\"wp-block-group arrondir has-text-color has-background\" style=\"color:#88ba15;background-color:#88ba15\"><div class=\"wp-block-group__inner-container is-layout-flow wp-block-group-is-layout-flow\">\n<div class=\"wp-block-group\"><div class=\"wp-block-group__inner-container is-layout-flow wp-block-group-is-layout-flow\">\n<h2 class=\"wp-block-heading has-text-align-center\" id=\"soutien-a-la-scolarite\">Initiation Musicale<\/h2>\n\n\n\n<div class=\"wp-block-group is-vertical is-content-justification-center is-layout-flex wp-container-core-group-is-layout-4b2eccd6 wp-block-group-is-layout-flex\">\n<header class=\"wp-block-group\"><div class=\"wp-block-group__inner-container is-layout-constrained wp-block-group-is-layout-constrained\">\n<h3 class=\"wp-block-heading has-text-align-center\" id=\"pour-les-6-8-ans\">Pour les CP-CE1<\/h3>\n<\/div><\/header>\n\n\n\n<h4 class=\"wp-block-heading has-text-align-center\" id=\"parce-que-c-est-parfois-un-peu-difficile-d-etre-ecolier\">C&#8217;est le cours pour les musiciens en herbe !<\/h4>\n<\/div>\n\n\n\n<p><\/p>\n\n\n\n<p class=\"has-text-align-center has-black-color has-text-color\">Votre enfant aime faire de la musique : tester des instruments, comprendre comment ils fonctionnent, jouer en groupe,&#8230;<\/p>\n\n\n\n<p class=\"has-text-align-center has-black-color has-text-color\">Pour ce cours, pas besoin de travailler \u00e0 la maison entre deux cours : juste le plaisir de pratiquer ensemble pendant le cours !<\/p>\n\n\n\n<p class=\"has-black-color has-text-color\">Nous verrons \u00e9galement les bases du solf\u00e8ge.<\/p>\n<\/div><\/div>\n\n\n\n<p class=\"has-black-color has-text-color\">Cours le mardi \u00e0 17h15 ou mercredi \u00e0 14h30 &#8211; 239 euros\/an, 30 s\u00e9ances de 45 minutes.<\/p>\n<\/div><\/div>\n<\/div>\n<\/div>\n\n\n\n<div class=\"wp-block-columns is-layout-flex wp-container-core-columns-is-layout-9d6595d7 wp-block-columns-is-layout-flex\">\n<div class=\"wp-block-column arrondir is-layout-flow wp-block-column-is-layout-flow\">\n<div class=\"wp-block-group arrondir has-background\" style=\"background-color:#ff66c4\"><div class=\"wp-block-group__inner-container is-layout-flow wp-block-group-is-layout-flow\">\n<div class=\"wp-block-group\"><div class=\"wp-block-group__inner-container is-layout-flow wp-block-group-is-layout-flow\">\n<h2 class=\"wp-block-heading has-text-align-center\" id=\"arrondir\">Fl\u00fbte traversi\u00e8re<\/h2>\n\n\n\n<p class=\"has-text-align-left has-black-color has-text-color\">Instrument exigent mais si plaisant \u00e0 jouer, la fl\u00fbte traversi\u00e8re te permettra de jouer tout style de musique.<\/p>\n\n\n\n<figure class=\"wp-block-image size-large is-style-rounded\"><img loading=\"lazy\" decoding=\"async\" width=\"1024\" height=\"683\" src=\"http:\/\/okazoo.bzh\/wp-content\/uploads\/2021\/11\/music-g3fe1a2e9a_1920-1024x683.jpg\" alt=\"\" class=\"wp-image-235\" srcset=\"https:\/\/okazoo.bzh\/wp-content\/uploads\/2021\/11\/music-g3fe1a2e9a_1920-1024x683.jpg 1024w, https:\/\/okazoo.bzh\/wp-content\/uploads\/2021\/11\/music-g3fe1a2e9a_1920-300x200.jpg 300w, https:\/\/okazoo.bzh\/wp-content\/uploads\/2021\/11\/music-g3fe1a2e9a_1920-768x512.jpg 768w, https:\/\/okazoo.bzh\/wp-content\/uploads\/2021\/11\/music-g3fe1a2e9a_1920-1536x1024.jpg 1536w, https:\/\/okazoo.bzh\/wp-content\/uploads\/2021\/11\/music-g3fe1a2e9a_1920.jpg 1920w\" sizes=\"auto, (max-width: 1024px) 100vw, 1024px\" \/><\/figure>\n\n\n\n<p class=\"has-black-color has-text-color\">Cours \u00e0 partir de 9 ans.<\/p>\n\n\n\n<p class=\"has-black-color has-text-color\">(possibilit\u00e9 de d\u00e9buter avant, avec une fl\u00fbte en r\u00e9sine de petit format)<\/p>\n\n\n\n<p class=\"has-black-color has-text-color\">349 euros par an, cours en duo. Pour des cours individuels, me contacter directement.<\/p>\n\n\n\n<p class=\"has-black-color has-text-color has-link-color wp-elements-b6ab38f704e0ea41ebe0c61b9f8dfc10\">Possibilit\u00e9 de louer une fl\u00fbte<\/p>\n<\/div><\/div>\n<\/div><\/div>\n\n\n\n<p><\/p>\n\n\n\n<p><\/p>\n\n\n\n<p><\/p>\n\n\n\n<p><\/p>\n<\/div>\n\n\n\n<div class=\"wp-block-column is-layout-flow wp-block-column-is-layout-flow\">\n<div class=\"wp-block-group arrondir has-background\" style=\"background-color:#9a9bfc\"><div class=\"wp-block-group__inner-container is-layout-flow wp-block-group-is-layout-flow\">\n<div class=\"wp-block-group\"><div class=\"wp-block-group__inner-container is-layout-flow wp-block-group-is-layout-flow\">\n<h2 class=\"wp-block-heading has-text-align-center\" id=\"apprenti-musicien\">Apprenti Musicien<\/h2>\n\n\n\n<h3 class=\"wp-block-heading has-text-align-center\" id=\"pour-les-6-8-ans\">Pour les CE1-CE2<\/h3>\n\n\n\n<p class=\"has-black-color has-text-color has-link-color wp-elements-10b19a9698e328dfabc1715966f90031\">Tu as tr\u00e8s envie de faire de la musique mais tu ne sais pas choisir ton instrument ? Cet atelier est fait pour toi !<\/p>\n\n\n<div class=\"wp-block-image is-style-rounded\">\n<figure class=\"aligncenter size-large is-resized\"><img loading=\"lazy\" decoding=\"async\" width=\"1024\" height=\"683\" src=\"http:\/\/okazoo.bzh\/wp-content\/uploads\/2021\/11\/person-gd7e57ab1e_1920-1024x683.jpg\" alt=\"\" class=\"wp-image-232\" style=\"width:251px;height:auto\" srcset=\"https:\/\/okazoo.bzh\/wp-content\/uploads\/2021\/11\/person-gd7e57ab1e_1920-1024x683.jpg 1024w, https:\/\/okazoo.bzh\/wp-content\/uploads\/2021\/11\/person-gd7e57ab1e_1920-300x200.jpg 300w, https:\/\/okazoo.bzh\/wp-content\/uploads\/2021\/11\/person-gd7e57ab1e_1920-768x512.jpg 768w, https:\/\/okazoo.bzh\/wp-content\/uploads\/2021\/11\/person-gd7e57ab1e_1920-1536x1025.jpg 1536w, https:\/\/okazoo.bzh\/wp-content\/uploads\/2021\/11\/person-gd7e57ab1e_1920.jpg 1920w\" sizes=\"auto, (max-width: 1024px) 100vw, 1024px\" \/><\/figure>\n<\/div>\n\n\n<p class=\"has-text-align-center has-black-color has-text-color has-link-color wp-elements-d713580a613264e593c6f7abb3c3c940\">Cours le mardi 18h30-19h15<\/p>\n\n\n\n<p class=\"has-text-align-center has-black-color has-text-color has-link-color wp-elements-87442632daa6a86f6c01b7c009b07d58\">ou le mercredi 16h45-17h30<\/p>\n\n\n\n<p class=\"has-text-align-center has-black-color has-text-color has-link-color wp-elements-9b6c4a576a3c456ae1ec79ef032c7a7a\">319 \u20ac\/an, pr\u00eat des instruments inclus, <\/p>\n\n\n\n<p class=\"has-text-align-center has-black-color has-text-color has-link-color wp-elements-8afb65c3ca03c7186ddda9912b5850d4\">30 s\u00e9ances de 45 minutes.<\/p>\n\n\n\n<p><\/p>\n\n\n\n<p class=\"has-black-color has-text-color has-link-color wp-elements-a8bde2bf8077347e5a525f9731baf54c\">Attention : comme un cours d&#8217;instrument, cet atelier n\u00e9cessite du travail personnel entre deux cours !<\/p>\n<\/div><\/div>\n<\/div><\/div>\n<\/div>\n<\/div>\n\n\n\n<div class=\"wp-block-columns is-layout-flex wp-container-core-columns-is-layout-9d6595d7 wp-block-columns-is-layout-flex\">\n<div class=\"wp-block-column is-layout-flow wp-block-column-is-layout-flow\">\n<div class=\"wp-block-group arrondir has-background\" style=\"background-color:#ee2c82\"><div class=\"wp-block-group__inner-container is-layout-flow wp-block-group-is-layout-flow\">\n<div class=\"wp-block-group\"><div class=\"wp-block-group__inner-container is-layout-flow wp-block-group-is-layout-flow\">\n<h2 class=\"wp-block-heading has-text-align-center has-larger-font-size\" id=\"arrondir\"><strong>Piano, ukul\u00e9l\u00e9 ou guitare accompagnement<\/strong><\/h2>\n\n\n\n<p class=\"has-text-align-left has-black-color has-text-color\">Viens faire tes premiers pas de musicien avec moi.<\/p>\n\n\n\n<p class=\"has-black-color has-text-color\">Initiation au solf\u00e8ge, m\u00e9thode ludique adapt\u00e9e aux enfants. Tout ce qu&#8217;il faut pour accompagner un chanteur rapidement !<\/p>\n\n\n\n<p class=\"has-black-color has-text-color\">Cours \u00e0 partir de 8 ans. Possibilit\u00e9 de louer l&#8217;instrument.<\/p>\n\n\n\n<p class=\"has-black-color has-text-color\"><\/p>\n\n\n\n<p class=\"has-black-color has-text-color\">cours en duo (349 \u20ac\/an pour un cours hebdomadaire de 30 minutes)<\/p>\n<\/div><\/div>\n\n\n\n<p><\/p>\n<\/div><\/div>\n<\/div>\n\n\n\n<div class=\"wp-block-column is-layout-flow wp-block-column-is-layout-flow\">\n<div class=\"wp-block-group arrondir has-yellow-background-color has-background\"><div class=\"wp-block-group__inner-container is-layout-flow wp-block-group-is-layout-flow\">\n<div class=\"wp-block-group\"><div class=\"wp-block-group__inner-container is-layout-flow wp-block-group-is-layout-flow\">\n<h2 class=\"wp-block-heading has-text-align-center\" id=\"apprenti-musicien\">M\u00e9diation Musicale<\/h2>\n\n\n\n<h3 class=\"wp-block-heading has-text-align-center\" id=\"pour-les-6-8-ans\">un atelier qui s&#8217;adapte !<\/h3>\n\n\n\n<p class=\"has-black-color has-text-color has-link-color wp-elements-b0dd0c4b393f45ade6f81fc88e2e5175\">Personnes en situation de handicap, personnes isol\u00e9es, enfants souffrant de troubles d&#8217;apprentissage,&#8230; la musique peut vous apporter bien-\u00eatre, d\u00e9tente et vous aider \u00e0 mieux communiquer.<\/p>\n\n\n\n<p>Seul ou en groupe, venez participer \u00e0 un atelier de chant, percussions, \u00e9coutes musicales,&#8230;<\/p>\n\n\n\n<p class=\"has-text-align-center has-black-color has-text-color has-link-color wp-elements-c84f0e9922bb3442e7bba5783a6c2e89\">70 \u20ac\/h (possibilit\u00e9 aussi d&#8217;intervention en <a href=\"https:\/\/okazoo.bzh\/index.php\/o-kazoo-chez-vous-2\/\" data-type=\"page\" data-id=\"58\">structure<\/a>)<\/p>\n\n\n\n<p><\/p>\n\n\n\n<p class=\"has-black-color has-text-color has-link-color wp-elements-9ac00cf961d1ea846fe5a532228b76c6\"><\/p>\n<\/div><\/div>\n<\/div><\/div>\n<\/div>\n<\/div>\n\n\n\n<div class=\"wp-block-columns is-layout-flex wp-container-core-columns-is-layout-9d6595d7 wp-block-columns-is-layout-flex\">\n<div class=\"wp-block-column is-layout-flow wp-block-column-is-layout-flow\">\n<div class=\"wp-block-columns is-layout-flex wp-container-core-columns-is-layout-9d6595d7 wp-block-columns-is-layout-flex\">\n<div class=\"wp-block-column is-layout-flow wp-block-column-is-layout-flow\"><\/div>\n\n\n\n<div class=\"wp-block-column is-layout-flow wp-block-column-is-layout-flow\"><\/div>\n<\/div>\n<\/div>\n<\/div>\n\n\n\n<div class=\"wp-block-columns is-layout-flex wp-container-core-columns-is-layout-9d6595d7 wp-block-columns-is-layout-flex\">\n<div class=\"wp-block-column is-layout-flow wp-block-column-is-layout-flow\"><\/div>\n\n\n\n<div class=\"wp-block-column is-layout-flow wp-block-column-is-layout-flow\"><\/div>\n<\/div>\n\n\n\n<p><\/p>\n","protected":false},"excerpt":{"rendered":"<p>Eveil musical Pour les 3-6 ans Des activit\u00e9s de chants, percussions corporelles et d\u00e9couvertes sensorielles [&hellip;]<\/p>\n","protected":false},"author":1,"featured_media":508,"parent":0,"menu_order":0,"comment_status":"closed","ping_status":"closed","template":"","meta":{"_EventAllDay":false,"_EventTimezone":"","_EventStartDate":"","_EventEndDate":"","_EventStartDateUTC":"","_EventEndDateUTC":"","_EventShowMap":false,"_EventShowMapLink":false,"_EventURL":"","_EventCost":"","_EventCostDescription":"","_EventCurrencySymbol":"","_EventCurrencyPosition":"","_EventDateTimeSeparator":"","_EventTimeRangeSeparator":"","_EventOrganizerID":[],"_EventVenueID":0,"_OrganizerEmail":"","_OrganizerPhone":"","_OrganizerWebsite":"","_VenueAddress":"","_VenueCity":"","_VenueCountry":"","_VenueProvince":"","_VenueZip":"","_VenuePhone":"","_VenueURL":"","_VenueStateProvince":"","_VenueLat":"","_VenueLng":"","footnotes":""},"class_list":["post-215","page","type-page","status-publish","has-post-thumbnail","hentry"],"_links":{"self":[{"href":"https:\/\/okazoo.bzh\/index.php\/wp-json\/wp\/v2\/pages\/215","targetHints":{"allow":["GET"]}}],"collection":[{"href":"https:\/\/okazoo.bzh\/index.php\/wp-json\/wp\/v2\/pages"}],"about":[{"href":"https:\/\/okazoo.bzh\/index.php\/wp-json\/wp\/v2\/types\/page"}],"author":[{"embeddable":true,"href":"https:\/\/okazoo.bzh\/index.php\/wp-json\/wp\/v2\/users\/1"}],"replies":[{"embeddable":true,"href":"https:\/\/okazoo.bzh\/index.php\/wp-json\/wp\/v2\/comments?post=215"}],"version-history":[{"count":60,"href":"https:\/\/okazoo.bzh\/index.php\/wp-json\/wp\/v2\/pages\/215\/revisions"}],"predecessor-version":[{"id":515,"href":"https:\/\/okazoo.bzh\/index.php\/wp-json\/wp\/v2\/pages\/215\/revisions\/515"}],"wp:featuredmedia":[{"embeddable":true,"href":"https:\/\/okazoo.bzh\/index.php\/wp-json\/wp\/v2\/media\/508"}],"wp:attachment":[{"href":"https:\/\/okazoo.bzh\/index.php\/wp-json\/wp\/v2\/media?parent=215"}],"curies":[{"name":"wp","href":"https:\/\/api.w.org\/{rel}","templated":true}]}}